{"id":4135,"date":"2019-10-18T18:36:00","date_gmt":"2019-10-18T17:36:00","guid":{"rendered":"http:\/\/cercleape.com\/?page_id=4135"},"modified":"2019-10-18T18:36:00","modified_gmt":"2019-10-18T17:36:00","slug":"les-festivals-monde","status":"publish","type":"page","link":"https:\/\/www.cercleape.com\/?page_id=4135","title":{"rendered":"Les festivals partout dans le monde"},"content":{"rendered":"\n<div class=\"wp-block-group\"><div class=\"wp-block-group__inner-container is-layout-flow wp-block-group-is-layout-flow\">\n<figure class=\"wp-block-gallery columns-3 is-cropped wp-block-gallery-1 is-layout-flex wp-block-gallery-is-layout-flex\"><ul class=\"blocks-gallery-grid\"><li class=\"blocks-gallery-item\"><figure><img loading=\"lazy\" decoding=\"async\" width=\"1024\" height=\"512\" src=\"https:\/\/www.cercleape.com\/wp-content\/uploads\/2019\/10\/carteeurope.png?w=700\" alt=\"\" data-id=\"4031\" class=\"wp-image-4031\" srcset=\"https:\/\/www.cercleape.com\/wp-content\/uploads\/2019\/10\/carteeurope.png 1024w, https:\/\/www.cercleape.com\/wp-content\/uploads\/2019\/10\/carteeurope-300x150.png 300w, https:\/\/www.cercleape.com\/wp-content\/uploads\/2019\/10\/carteeurope-768x384.png 768w\" sizes=\"auto, (max-width: 1024px) 100vw, 1024px\" \/><\/figure><\/li><li class=\"blocks-gallery-item\"><figure><img decoding=\"async\" src=\"https:\/\/www.cercleape.com\/wp-content\/uploads\/2019\/01\/img_9696.jpg?w=700\" alt=\"\" data-id=\"3163\" class=\"wp-image-3163\" \/><\/figure><\/li><li class=\"blocks-gallery-item\"><figure><img decoding=\"async\" src=\"https:\/\/www.cercleape.com\/wp-content\/uploads\/2019\/01\/img_0106.jpg?w=700\" alt=\"\" data-id=\"3130\" class=\"wp-image-3130\" \/><\/figure><\/li><li class=\"blocks-gallery-item\"><figure><img decoding=\"async\" src=\"https:\/\/www.cercleape.com\/wp-content\/uploads\/2017\/10\/img_4868.jpg?w=700\" alt=\"\" data-id=\"2047\" class=\"wp-image-2047\" \/><\/figure><\/li><li class=\"blocks-gallery-item\"><figure><img decoding=\"async\" src=\"https:\/\/www.cercleape.com\/wp-content\/uploads\/2017\/07\/img_3137.jpg?w=700\" alt=\"\" data-id=\"1259\" class=\"wp-image-1259\" \/><\/figure><\/li><li class=\"blocks-gallery-item\"><figure><img decoding=\"async\" src=\"https:\/\/cercleape.files.wordpress.com\/2017\/06\/img_2212.jpg?w=700\" alt=\"\" data-id=\"478\" class=\"wp-image-478\" \/><\/figure><\/li><\/ul><\/figure>\n<\/div><\/div>\n\n\n\n<h2 class=\"wp-block-heading\">Aller au-del\u00e0 de s\u00e8vres <\/h2>\n\n\n\n<p>Vous le savez, Cercle APE se mobilise sur l&rsquo;organisation d&rsquo;un <a href=\"https:\/\/cercleape.com\/festival-de-lapprendre\/le-festival-a-sevres\/\">#Festivaldelapprendre \u00e0 S\u00e8vres<\/a>. <\/p>\n\n\n\n<p>Mais nous souhaitons aller au-del\u00e0 du Festival de S\u00e8vres. CercleAPE vise \u00e0 favoriser le d\u00e9ploiement d&rsquo;une s\u00e9rie de #festivaldelapprendre sur tout le territoire francophone. <\/p>\n\n\n\n<p>Nous sommes en contact avec diff\u00e9rents r\u00e9seaux &#8211; associations &#8211; agences int\u00e9ress\u00e9s par la d\u00e9marche pour d\u00e9multiplier ce #festival. Les contacts sont permanents. Nous mobilisons nos r\u00e9seaux pour favoriser le d\u00e9ploiement de Festival partout en territoire francophone.<strong> <\/strong><\/p>\n\n\n\n<h2 class=\"wp-block-heading\">Du 12 au 31 janvier 2020, Un festival au Qu\u00e9bec, un en belgique et plus de 25 festivals en France&#8230;<\/h2>\n\n\n\n<p><strong>Laval (Qu\u00e9bec) f\u00eatera l&rsquo;apprendre avec un Festival au <a href=\"http:\/\/www.collegeletendre.qc.ca\/\">Coll\u00e8ge Letendre<\/a> &#8212; bient\u00f4t un article. Et nous aurons aussi un festival en Belgique. <\/strong><\/p>\n\n\n\n<p><strong>Plus d&rsquo;une vingtaine de villes en France f\u00eateront l&rsquo;apprendre lors de cette p\u00e9riode. <\/strong> Vous trouverez plus d&rsquo;information sur les lieux, les pilotes sur la carte ci-dessous. <strong>Nous avons publi\u00e9  un <a href=\"https:\/\/cercleape.com\/2019\/12\/09\/calendrier\/\">calendrier<\/a> mis \u00e0 jour fr\u00e9quemment<\/strong> <strong>avec dates, lieux, nature du Festival pour chaque site. <\/strong> <\/p>\n\n\n\n<p><strong>D&rsquo;autres Festivals sont encore en discussion<\/strong> avec des projets ou des pistes. D&rsquo;autres ont encore besoin d&rsquo;un coup de main pour rassembler suffisamment de monde autour d&rsquo;un projet. <\/p>\n\n\n\n<p>Nous avons trois types de projets : <\/p>\n\n\n\n<ul class=\"wp-block-list\"><li>Des projets <strong>qui partent d&rsquo;un collectif d&rsquo;acteurs <\/strong>qui se r\u00e9unissent pour monter un Festival sans forc\u00e9ment avoir un lieu donn\u00e9. C&rsquo;est plus le collectif rassembl\u00e9 qui porte le projet, la d\u00e9finition des animations. C&rsquo;est l&rsquo;exemple de Rouen ;<\/li><li><strong>Des projets qui naissent \u00e0 partir d&rsquo;un pilote<\/strong>, organisme de formation ou structure d&rsquo;\u00e9ducation, bien implant\u00e9 dans son territoire et dans un r\u00e9seau de partenaires. Et qui mobilise son lieu de formation ou un lieu ad hoc pour porter un Festival. L&rsquo;organisme \u00e0 l&rsquo;origine du projet mobilise alors ses partenaires et lance un appel \u00e0 initiatives pour animer le Festival. Ce sont les exemples de B\u00e8gles ou de Lyon ;<\/li><li>Des projets de coll\u00e8ges qui se montent sur une logique d&rsquo;\u00e9tablissement avec participation des \u00e9quipes enseignantes, des \u00e9l\u00e8ves et des parents. Nous avons Chablis, des coll\u00e8ges Brioux et Maurice Bedel r\u00e9unis dans un projet \u00e0 Poitiers, Letendre (Qc) ;<\/li><li>Nous aurons peut-\u00eatre d&rsquo;autres modalit\u00e9s. A nous de les inventer&#8230; <\/li><\/ul>\n\n\n\n<h3 class=\"wp-block-heading\" id=\"Carte\">+ de 25 festivals de l&rsquo;apprendre Confirm\u00e9s<\/h3>\n\n\n\n<h4 class=\"wp-block-heading\" id=\"Carte\">Et une activit\u00e9 transversale avec un espace d\u2019\u00e9criture collective <\/h4>\n\n\n\n<p><strong>Carte cliquable mise \u00e0 jour au 16 janvier 2020<\/strong><\/p>\n\n\n\n<figure class=\"wp-block-image size-large\"><a href=\"https:\/\/framacarte.org\/fr\/map\/festival_apprendre_cercleape_58305#\"><img loading=\"lazy\" decoding=\"async\" width=\"1683\" height=\"487\" src=\"https:\/\/www.cercleape.com\/wp-content\/uploads\/2020\/01\/lieuxglobale.png?w=1024\" alt=\"\" class=\"wp-image-4778\" srcset=\"https:\/\/www.cercleape.com\/wp-content\/uploads\/2020\/01\/lieuxglobale.png 1683w, https:\/\/www.cercleape.com\/wp-content\/uploads\/2020\/01\/lieuxglobale-300x87.png 300w, https:\/\/www.cercleape.com\/wp-content\/uploads\/2020\/01\/lieuxglobale-1024x296.png 1024w, https:\/\/www.cercleape.com\/wp-content\/uploads\/2020\/01\/lieuxglobale-768x222.png 768w, https:\/\/www.cercleape.com\/wp-content\/uploads\/2020\/01\/lieuxglobale-1536x444.png 1536w, https:\/\/www.cercleape.com\/wp-content\/uploads\/2020\/01\/lieuxglobale-1568x454.png 1568w\" sizes=\"auto, (max-width: 1683px) 100vw, 1683px\" \/><\/a><\/figure>\n\n\n\n<figure class=\"wp-block-image size-large\"><a href=\"https:\/\/framacarte.org\/fr\/map\/festival_apprendre_cercleape_58305#\"><img loading=\"lazy\" decoding=\"async\" width=\"855\" height=\"810\" src=\"https:\/\/www.cercleape.com\/wp-content\/uploads\/2020\/01\/lieux16012020.png?w=855\" alt=\"\" class=\"wp-image-4824\" srcset=\"https:\/\/www.cercleape.com\/wp-content\/uploads\/2020\/01\/lieux16012020.png 855w, https:\/\/www.cercleape.com\/wp-content\/uploads\/2020\/01\/lieux16012020-300x284.png 300w, https:\/\/www.cercleape.com\/wp-content\/uploads\/2020\/01\/lieux16012020-768x728.png 768w\" sizes=\"auto, (max-width: 855px) 100vw, 855px\" \/><\/a><\/figure>\n\n\n\n<p>Vous pouvez cliquer sur la carte ou sur le lien ci-dessous pour voir les festivals confirm\u00e9s et plus de d\u00e9tails sur le lieu, le contact possible, les dates de ces Festivals, les inscriptions. <strong>Les \u00e9pingles sont les Festivals confirm\u00e9s. <\/strong><br><a rel=\"noreferrer noopener\" href=\"https:\/\/framacarte.org\/fr\/map\/festival_apprendre_cercleape_58305#\" target=\"_blank\">https:\/\/framacarte.org\/fr\/map\/festival_apprendre_cercleape_58305#<\/a><\/p>\n\n\n\n<h2 class=\"wp-block-heading\">Et vous dans tout \u00e7a ?<\/h2>\n\n\n\n<div class=\"wp-block-media-text alignwide is-stacked-on-mobile\"><figure class=\"wp-block-media-text__media\"><img loading=\"lazy\" decoding=\"async\" width=\"1080\" height=\"1920\" src=\"https:\/\/www.cercleape.com\/wp-content\/uploads\/2019\/11\/screenshot_20191116-151337.jpg?w=576\" alt=\"\" class=\"wp-image-4393\" srcset=\"https:\/\/www.cercleape.com\/wp-content\/uploads\/2019\/11\/screenshot_20191116-151337.jpg 1080w, https:\/\/www.cercleape.com\/wp-content\/uploads\/2019\/11\/screenshot_20191116-151337-169x300.jpg 169w, https:\/\/www.cercleape.com\/wp-content\/uploads\/2019\/11\/screenshot_20191116-151337-576x1024.jpg 576w, https:\/\/www.cercleape.com\/wp-content\/uploads\/2019\/11\/screenshot_20191116-151337-768x1365.jpg 768w, https:\/\/www.cercleape.com\/wp-content\/uploads\/2019\/11\/screenshot_20191116-151337-864x1536.jpg 864w\" sizes=\"auto, (max-width: 1080px) 100vw, 1080px\" \/><\/figure><div class=\"wp-block-media-text__content\">\n<p class=\"has-normal-font-size\"><strong>Vous avez envie de participer \u00e0 l&rsquo;animation d&rsquo;un Festival existant ? <\/strong>Le bon r\u00e9flexe est de cliquer sur la carte et de prendre contact avec le coordonnateur du Festival.  <\/p>\n\n\n\n<p class=\"has-normal-font-size\"><strong>Vous voulez aider \u00e0 monter un projet de Festival identifi\u00e9 sur la carte qui se passe pr\u00e8s de chez vous ?<\/strong> Nous vous invitons \u00e0 nous contacter par mail \u00e0 <strong>cercleape.asso@gmail.com <\/strong>Nous vous mettrons en contact avec les porteurs actuels. <\/p>\n\n\n\n<p><strong>Vous voulez monter un Festival dans un territoire o\u00f9 il n&rsquo;y en a pas mais ne savez pas trop comment ?<\/strong> De m\u00eame, prenez contact avec nous par mail. Nous pourrons vous mettre en contact avec d&rsquo;autres porteurs potentiels ou vous conseiller sur le montage de ce Festival. <\/p>\n\n\n\n<p><strong>Vous avez un projet de Festival et vous voulez \u00eatre r\u00e9f\u00e9renc\u00e9, appara\u00eetre sur la carte #Festivaldelapprendre ? <\/strong>Contactez-nous par mail et nous vous int\u00e9grerons dans la communaut\u00e9 pour \u00e9changer sur les initiatives, partager la communication, les id\u00e9es, les projets&#8230;<\/p>\n\n\n\n<p><strong>Vous voulez vivre un Festival sans pouvoir vous investir dans son organisation<\/strong>. D\u00e9but d\u00e9cembre, nous publierons un calendrier avec toutes les dates, lieux et modalit\u00e9s de participation \u00e0 chacun de ces Festivals. <\/p>\n<\/div><\/div>\n\n\n\n<p><\/p>\n","protected":false},"excerpt":{"rendered":"<p>#festivaldelapprendre #Francophone #France #Canada #Belgique<\/p>\n","protected":false},"author":5,"featured_media":4031,"parent":3664,"menu_order":1,"comment_status":"open","ping_status":"closed","template":"","meta":{"footnotes":""},"class_list":["post-4135","page","type-page","status-publish","has-post-thumbnail","hentry"],"_links":{"self":[{"href":"https:\/\/www.cercleape.com\/index.php?rest_route=\/wp\/v2\/pages\/4135","targetHints":{"allow":["GET"]}}],"collection":[{"href":"https:\/\/www.cercleape.com\/index.php?rest_route=\/wp\/v2\/pages"}],"about":[{"href":"https:\/\/www.cercleape.com\/index.php?rest_route=\/wp\/v2\/types\/page"}],"author":[{"embeddable":true,"href":"https:\/\/www.cercleape.com\/index.php?rest_route=\/wp\/v2\/users\/5"}],"replies":[{"embeddable":true,"href":"https:\/\/www.cercleape.com\/index.php?rest_route=%2Fwp%2Fv2%2Fcomments&post=4135"}],"version-history":[{"count":0,"href":"https:\/\/www.cercleape.com\/index.php?rest_route=\/wp\/v2\/pages\/4135\/revisions"}],"up":[{"embeddable":true,"href":"https:\/\/www.cercleape.com\/index.php?rest_route=\/wp\/v2\/pages\/3664"}],"wp:featuredmedia":[{"embeddable":true,"href":"https:\/\/www.cercleape.com\/index.php?rest_route=\/wp\/v2\/media\/4031"}],"wp:attachment":[{"href":"https:\/\/www.cercleape.com\/index.php?rest_route=%2Fwp%2Fv2%2Fmedia&parent=4135"}],"curies":[{"name":"wp","href":"https:\/\/api.w.org\/{rel}","templated":true}]}}